{"version":"1.0","type":"rich","provider_name":"Fraternit\u00e9 Saint Jean-Baptiste","provider_url":"https:\/\/www.fratweb.org","title":"Le ciel et nos enfants","author_name":"Agn\u00e8s Pyrat","width":"480","height":"295","url":"http:\/\/www.fratweb.org\/Le-ciel-et-nos-enfants.html","html":"\u003Ch4 class='title'\u003E\u003Ca href='http:\/\/www.fratweb.org\/Le-ciel-et-nos-enfants.html'\u003ELe ciel et nos enfants\u003C\/a\u003E\u003C\/h4\u003E\u003Cblockquote class='spip'\u003E\n\u003Cp\u003ELes bons mots de nos enfants autour de la foi. \n\n &#171;&nbsp;Et si mon ange gardien devenait un d\u00e9mon&nbsp;?&nbsp;&#187; \n\n&#171;&nbsp;Ah bon, les pr\u00eatres ne sont pas mari\u00e9s. Alors je ne veux pas \u00eatre pr\u00eatre, je ne veux pas \u00eatre tout seul&nbsp;!&nbsp;&#187; \n\n&#171;&nbsp;Papa, \u00e7a veut dire quoi b\u00e9nir&nbsp;?&nbsp;&#187; \n\n&#171;&nbsp;Lui, il est mort au ciel&nbsp;! Mais est-ce qu\u2019il va retomber&nbsp;?&nbsp;&#187;\u003C\/p\u003E\n\u003C\/blockquote\u003E\n"}